{"id":30323,"date":"2019-10-03T20:52:14","date_gmt":"2019-10-03T18:52:14","guid":{"rendered":"http:\/\/204.155.31.157\/?page_id=30323"},"modified":"2020-07-07T12:38:44","modified_gmt":"2020-07-07T10:38:44","slug":"datenschutz","status":"publish","type":"page","link":"https:\/\/comodo-mainz.de\/?page_id=30323","title":{"rendered":"Datenschutz"},"content":{"rendered":"<p>[et_pb_section fb_built=&#8220;1&#8243; _builder_version=&#8220;4.4.9&#8243;][et_pb_row _builder_version=&#8220;4.4.9&#8243;][et_pb_column _builder_version=&#8220;4.4.9&#8243; type=&#8220;4_4&#8243;][et_pb_text _builder_version=&#8220;4.4.9&#8243; hover_enabled=&#8220;0&#8243;]<\/p>\n<div class=\"ce_text privacy_item general_part1 block\">\n<h1>Datenschutzerkl\u00e4rung<\/h1>\n<div class=\"text\">\n<p>Mit dieser Datenschutzerkl\u00e4rung m\u00f6chten wir Sie \u00fcber Art, Umfang und Zweck der Verarbeitung von personenbezogenen Daten auf unserer Webseite aufkl\u00e4ren. Personenbezogene Daten sind alle Daten, die einen pers\u00f6nlichen Bezug zu Ihnen aufweisen, z. B. Name, Adresse, E-Mail-Adresse oder Nutzerverhalten.<\/p>\n<\/div>\n<\/div>\n<div class=\"ce_text privacy_item contact_responsible block\">\n<div class=\"text\">\n<h2>Wer bei uns f\u00fcr die Datenverarbeitung verantwortlich ist<\/h2>\n<p>Verantwortlich f\u00fcr die Datenverarbeitung ist:<\/p>\n<\/div>\n<\/div>\n<p>Comodo<br \/>Kurosh Baianati<br \/>Holzhofstra\u00dfe 3<br \/>55116 Mainz<br \/>Deutschland<br \/>017670309787<br \/>info@comodo-mainz.de<br \/>https:\/\/comodo-mainz.de\/?page_id=30320&amp;et_fb=1&amp;PageSpeed=off<\/p>\n<div class=\"ce_text privacy_item general_part3 block\">\n<div class=\"text\">\n<h2>Verarbeitung Ihrer Daten im Rahmen der Kernt\u00e4tigkeit unseres Unternehmens<\/h2>\n<p>Wir verarbeiten Ihre an uns \u00fcbertragene personenbezogene Daten im Rahmen der zwischen uns bestehenden vertraglichen und vorvertraglichen Beziehungen. Umfang, Art, Zweck und Erforderlichkeit der Verarbeitung richtet sich nach dem jeweils zugrundeliegenden Vertragsverh\u00e4ltnis. Hierzu speichern und verarbeiten wir Ihre Daten in den von uns genutzten Computersystemen. Zu den von uns verarbeiteten Daten geh\u00f6ren all diejenigen Daten, die zum Zwecke der Inanspruchnahme der vertraglichen oder vorvertraglichen Leistungen durch Sie bereitgestellt wurden und zur Abwicklung Ihrer Anfrage oder des zwischen uns geschlossenen Vertrages ben\u00f6tigt werden.<\/p>\n<p>Hierzu k\u00f6nnen insbesondere folgende Daten z\u00e4hlen:<\/p>\n<ul>\n<li>Name und Adresse<\/li>\n<li>E-Mailadresse und Telefonnummer<\/li>\n<li>Vertragsdaten<\/li>\n<li>Zahlungsdaten.<\/li>\n<\/ul>\n<p>Die Verarbeitung beschr\u00e4nkt sich auf diejenigen Daten, die\u00a0zur\u00a0Beantwortung\u00a0von Anfragen und\/oder zur Erf\u00fcllung eines zwischen Ihnen und uns geschlossenen Vertrages erforderlich und zweckm\u00e4\u00dfig sind. Eine Weitergabe der personenbezogenen Daten an Dritte erfolgt nur, wenn dies zum Zwecke der Erbringung der Leistung oder im Rahmen der Organisation unseres Betriebes zur Abwicklung der Finanzbuchhaltung sowie der Befolgung gesetzlicher Verpflichtungen erforderlich ist. In diesem Fall werden nur diejenigen Daten an externe Dienstleister \u00fcbertragen, die zur Erf\u00fcllung des Vertrages oder zur Abwicklung der Finanzbuchhaltung sowie der Befolgung gesetzlicher Verpflichtungen erforderlich und zweckm\u00e4\u00dfig sind. Die Verarbeitung durch uns erfolgt gem\u00e4\u00df Ihren Weisungen oder den gesetzlichen Bestimmungen.<span>\u00a0<\/span><strong>Rechtsgrundlage:<\/strong><span>\u00a0<\/span>Die Verarbeitung Ihrer personenbezogenen Daten sowie die \u00dcbertragung an Dritte erfolgt gem\u00e4\u00df Art. 6 Abs. 1 lit. b) DSGVO und dient dazu, den Vertrag zwischen Ihnen und uns zu erf\u00fcllen. Im \u00dcbrigen geben wir Daten an Dritte nur dann weiter, wenn hierzu eine gesetzliche Verpflichtung besteht, Art. 6 Abs. 1 lit. c) DSGVO oder wenn hieran ein berechtigtes Interesse besteht, Art. 6 Abs. 1 lit f. DSGVO. Dies ist beispielsweise dann der Fall, wenn dies zur Verfolgung unserer Anspr\u00fcche erforderlich ist.<span>\u00a0<\/span><strong>L\u00f6schung:<\/strong><span>\u00a0<\/span>Die L\u00f6schung Ihrer Daten erfolgt sobald die Daten nicht mehr zu Erf\u00fcllung vertraglicher oder gesetzlicher F\u00fcrsorgepflichten sowie f\u00fcr den Umgang mit etwaigen Gew\u00e4hrleistungs- und vergleichbaren Pflichten erforderlich sind. Hiervon bleiben die gesetzlichen Aufbewahrungspflichten unber\u00fchrt.<\/p>\n<\/div>\n<\/div>\n<div class=\"ce_text privacy_item own_server block\">\n<div class=\"text\">\n<h2>Datenverarbeitung bei nur informatorischer Nutzung unserer Webseite<\/h2>\n<p>Sofern Sie unsere Webseite lediglich informatorisch nutzen, werden nur diejenigen personenbezogenen Daten erhoben, die der von Ihnen verwendete Browser an unseren Server \u00fcbermittelt. Das sind folgende Daten:<\/p>\n<ul>\n<li>IP-Adresse<\/li>\n<li>das Datum und die Uhrzeit des Zugriffs auf unsere Internetseite<\/li>\n<li>Zeitzonendifferenz zur Greenwich Mean Time (GMT)<\/li>\n<li>Zugriffsstatus (HTTP-Status)<\/li>\n<li>die \u00fcbertragene Datenmenge<\/li>\n<li>der Internet-Service-Provider des zugreifenden Systems<\/li>\n<li>der von Ihnen verwendete Browsertyp und dessen Version<\/li>\n<li>das von Ihnen verwendete Betriebssystem<\/li>\n<li>die Internetseite, von welcher Sie gegebenenfalls auf unsere Internetseite gelangt sind<\/li>\n<li>die Seiten bzw. Unterseiten, welche Sie auf unserer Internetseite besuchen.<\/li>\n<\/ul>\n<p>Die vorgenannten Daten werden als Logfiles auf unseren Servern gespeichert. Dies ist erforderlich, um die Webseite auf dem von Ihnen genutzten Endger\u00e4t darstellen zu k\u00f6nnen, sowie die Stabilit\u00e4t und Sicherheit zu gew\u00e4hrleisten.<span>\u00a0<\/span><strong>Rechtsgrundlage:\u00a0<\/strong>Die Datenverarbeitung erfolgt auf Grund unseres berechtigten Interesses an einer effizienten und sicheren Bereitstellung unseres Internetangebotes ein, Art. 6 Abs. 1 lit. f) DSGVO.\u00a0<strong>Dauer:<\/strong><span>\u00a0<\/span>Die vorstehenden Daten zur Bereitstellung unserer Webseite werden gel\u00f6scht, wenn die jeweilige Sitzung beendet ist.<\/p>\n<\/div>\n<\/div>\n<div class=\"ce_text block\">\n<div class=\"text\">\n<h2>Angaben zu den von uns vorgehaltenen Kontaktaufnahmem\u00f6glichkeiten<\/h2>\n<p>Soweit Sie uns \u00fcber E-Mail, Soziale Medien, Telefon, Fax, Post, unser Kontaktformular oder sonstwie ansprechen und uns hierbei personenbezogene Daten wie Ihren Namen, Ihre Telefonnummer oder Ihre E-Mail-Adresse zur Verf\u00fcgung stellen oder weitere Angaben zur Ihrer Person oder Ihrem Anliegen machen, werden diese Daten zur Verarbeitung Ihrer Anfrage in unserem Hause gespeichert und weiterverarbeitet.<span>\u00a0<\/span><strong>Rechtsgrundlage<\/strong>: Sofern Sie Ihre Anfrage \u00fcber unser Kontaktformular gestellt haben, ist die Rechtsgrundlage f\u00fcr die Verarbeitung Ihrer Daten Art. 6 Abs.1 lit. a DSGVO. Sofern Sie Ihre Anfrage im Rahmen vertraglicher oder vorvertraglicher Beziehungen mit uns stellen, ist die Rechtsgrundlage f\u00fcr die Verarbeitung Ihrer Daten Art. 6 Abs. 1 lit. b. DSGVO.\u00a0Sofern Ihre\u00a0Anfrage nicht unter eine der vorgenannten Kategorien f\u00e4llt,\u00a0liegt unser berechtigtes Interesse an der Verarbeitung Ihrer Daten darin, Ihre Anfrage ordnungsgem\u00e4\u00df und in Ihrem Sinne zu beantworten, Art. 6 Abs. 1 lit. f DSGVO.\u00a0<strong>L\u00f6schung:\u00a0<\/strong>Die von uns erhobenen personenbezogenen Daten werden gel\u00f6scht, sofern sie nicht mehr erforderlich sind. Wir \u00fcberpr\u00fcfen die Erforderlichkeit alle 2 Jahre. Au\u00dferdem k\u00f6nnen Sie die Datenverarbeitung jederzeit widerrufen.<\/p>\n<\/div>\n<\/div>\n<div class=\"ce_text privacy_item blog block\">\n<div class=\"text\">\n<h2>Blog<\/h2>\n<p>Sie haben die M\u00f6glichkeit die von uns \u00fcber unserem Blog geposteten Beitr\u00e4ge zu kommentieren. Da wir f\u00fcr rechtsverletzende Inhalte (Beleidigung, Schm\u00e4hkritik, Volksverhetzung, verbotene Gewaltdarstellung etc.) Ihres Kommentars unter Umst\u00e4nden selbst in Haftung genommen werden k\u00f6nnen, speichern wir Ihre IP-Adresse f\u00fcr die Dauer von 7 Tagen, um gegebenenfalls hier\u00fcber Ihre Identit\u00e4t ermitteln zu k\u00f6nnen.<span>\u00a0<\/span><strong>Rechtsgrundlage<\/strong>: Die Rechtsgrundlage f\u00fcr die Speicherung Ihrer Daten ist Art. 6 Abs. 1 lit.\u00a0f DSGVO.<span>\u00a0<\/span><strong>L\u00f6schung<\/strong>: Die von uns auf diese Weise erhobenen und \u00fcbertragenen Daten werden nach 14 Tagen automatisch gel\u00f6scht.<span>\u00a0<\/span><strong>Verhinderung<\/strong>: Sie k\u00f6nnen die Speicherung der IP-Adresse verhindern, indem Sie keine Kommentare abgeben.<\/p>\n<\/div>\n<\/div>\n<div class=\"ce_text privacy_item shop block\">\n<div class=\"text\">\n<h2>Online-Shop<\/h2>\n<p>Sofern Sie unseren Online-Shop nutzen, um hier\u00fcber Bestellungen abzugeben, ben\u00f6tigen wir bestimmte Daten, um Ihre Bestellung abwickeln zu k\u00f6nnen. Hierzu geh\u00f6ren insbesondere Ihr Name sowie Ihre Adress- und elektronischen Kontaktdaten, Informationen zur Abwicklung des Bezahlvorgangs sowie die in Anspruch genommenen Leistungen. Diese Daten werden von uns gespeichert. Die von Ihnen in den Pflichtfeldern der\u00a0Bestellmaske gemachten Angaben sind zur Begr\u00fcndung und Erf\u00fcllung des Vertrages unbedingt erforderlich. Im Einzelnen verwenden wir die von Ihnen an uns \u00fcbermittelten Daten insbesondere um<\/p>\n<ul>\n<li>Sie als unseren Kunden zu identifizieren,<\/li>\n<li>Ihre Bestellung zu bearbeiten, zu erf\u00fcllen und abzuwickeln,<\/li>\n<li>mit Ihnen in Kontakt zu treten,<\/li>\n<li>Ihnen Rechnungen zu stellen,<\/li>\n<li>etwaige Haftungsanspr\u00fcche abwickeln zu k\u00f6nnen,<\/li>\n<li>vertragliche Anspr\u00fcche gegen Sie geltend machen zu k\u00f6nnen.<\/li>\n<\/ul>\n<p><strong>Rechtsgrundlage:<\/strong><span>\u00a0<\/span>Die Rechtsgrundlage f\u00fcr die Verarbeitung Ihrer Daten ist, was die Abwicklung Ihrer Bestellung angeht, Art. 6 Abs. 1 lit. b DSGVO.\u00a0Dies gilt auch f\u00fcr die Verarbeitungsvorg\u00e4nge, die zur Durchf\u00fchrung vorvertraglicher Ma\u00dfnahmen erforderlich sind.<\/p>\n<p>Wir geben Ihre pers\u00f6nlichen Daten nur dann an Dritte weiter, wenn:<\/p>\n<ul>\n<li>die Weitergabe nach Art. 6 Abs. 1 S. 1 lit. f DSGVO zur Geltendmachung, Aus\u00fcbung oder Verteidigung von Rechtsanspr\u00fcchen erforderlich ist und kein Grund zur Annahme besteht, dass Sie ein \u00fcberwiegendes schutzw\u00fcrdiges Interesse an der Nichtweitergabe Ihrer Daten haben,<\/li>\n<li>hierzu nach Art. 6 Abs. 1 S. 1 lit. c DSGVO eine gesetzliche Verpflichtung besteht,<\/li>\n<li>dies nach Art. 6 Abs. 1 S. 1 lit. b DSGVO f\u00fcr die Abwicklung des mit Ihnen geschlossenen Vertrages erforderlich ist (bspw. Weitergabe der Daten an das mit der Lieferung beauftragte Logistik-Unternehmen oder zum Zwecke der Zahlungsabwicklung).<\/li>\n<\/ul>\n<p>Dar\u00fcber hinaus werden Ihre personenbezogenen Daten ohne Ihre ausdr\u00fcckliche Einwilligung nicht an Dritte weitergegeben. Sofern wir Ihre personenbezogenen Daten an Dritte weitergeben, beschr\u00e4nken wir den Umfang der \u00fcbermittelten Daten auf das erforderliche Minimum.<\/p>\n<p>&nbsp;<\/p>\n<div class=\"ce_text privacy_item shop_account block\">\n<div class=\"text\">\n<p>Sie k\u00f6nnen freiwillig ein Nutzerkonto anlegen, indem Sie Ihre Bestellungen einsehen k\u00f6nnen. Die von Ihnen bei der Anlage des Nutzerkontos hinterlegten Daten speichern wir auf Widerruf. Wenn Sie Ihr Konto gek\u00fcndigt haben, werden Ihre Daten gel\u00f6scht, vorbehaltlich deren Aufbewahrung ist aus handels- oder steuerrechtlichen Gr\u00fcnden entspr. Art. 6 Abs. 1 lit. c DSGVO notwendig. Angaben im Kundenkonto verbleiben bis zu dessen L\u00f6schung mit anschlie\u00dfender Archivierung im Fall einer rechtlichen Verpflichtung. Es obliegt den Nutzern, ihre Daten bei erfolgter K\u00fcndigung vor dem Vertragsende zu sichern. Wir verwenden transiente Cookies (zum Begriff s. o. unter Cookies) f\u00fcr die Speicherung des Warenkorb-Inhalts sowie persistente Cookies (zum Begriff s. o. unter Cookies) f\u00fcr die Speicherung des Login-Status.<\/p>\n<\/div>\n<\/div>\n<p>&nbsp;<\/p>\n<p>&nbsp;<\/p>\n<p>Wenn Sie eine Bestellung vornehmen, sich f\u00fcr ein Nutzerkonto registrieren oder dort erneut anmelden, speichern wir Ihre IP-Adresse und den Zeitpunkt der jeweiligen Nutzerhandlung. Zweck der Speicherung sind unsere aber ebenso auch Ihre berechtigten Interessen am Schutz vor dem Missbrauch und sonstiger unbefugter Nutzung.<span>\u00a0<\/span><strong>Rechtsgrundlage:<\/strong><span>\u00a0<\/span>Rechtsgrundlage hierf\u00fcr ist Art. 6 Abs. 1 lit. f DSGVO. Eine Weitergabe dieser Daten an Dritte erfolgt nicht, es sei denn die Weitergabe ist zur Verfolgung unserer Anspr\u00fcche erforderlich oder es besteht hierzu eine gesetzliche Verpflichtung gem. Art. 6 Abs. 1 lit. c DSGVO.<\/p>\n<p><strong>L\u00f6schung:<\/strong><span>\u00a0<\/span>Aufgrund handels- und steuerrechtlicher Vorgaben sind wir verpflichtet, Ihre Adress-, Zahlungs- und Bestelldaten f\u00fcr die Dauer von 10 Jahren zu speichern. Nach Ablauf der gesetzlichen Gew\u00e4hrleistungsrechte (2 Jahre) nehmen wir jedoch eine Einschr\u00e4nkung der Verarbeitung dahingehend vor, dass Ihre Daten nur noch zur Einhaltung der gesetzlichen Verpflichtungen eingesetzt werden.<\/p>\n<\/div>\n<\/div>\n<div class=\"ce_text privacy_item general_part3 block\">\n<div class=\"text\">\n<h2>Ihre Rechte nach der DSGVO<\/h2>\n<p>Nach der DSGVO stehen Ihnen die nachfolgend aufgef\u00fchrten Rechte zu, die Sie jederzeit bei dem in Ziffer 1. dieser Datenschutzerkl\u00e4rung genannten Verantwortlichen geltend machen k\u00f6nnen:<\/p>\n<ul>\n<li><strong>Recht auf Auskunft:<\/strong><span>\u00a0<\/span>Sie k\u00f6nnen nach Art. 15 DSGVO eine Best\u00e4tigung dar\u00fcber verlangen, ob und welche personenbezogenen Daten wir von Ihnen verarbeiten. Dar\u00fcber hinaus k\u00f6nnen Sie von uns unentgeltlich Auskunft \u00fcber die Verarbeitungszwecke, die Kategorie der personenbezogenen Daten, die Kategorien von Empf\u00e4ngern, gegen\u00fcber denen Ihre Daten offengelegt wurden oder werden, die geplante Speicherdauer, das Bestehen eines Rechts auf Berichtigung, L\u00f6schung, Einschr\u00e4nkung der Verarbeitung oder Widerspruch, das Bestehen eines Beschwerderechts sowie die Herkunft ihrer Daten, sofern diese nicht bei uns erhoben wurden, verlangen. Ferner steht Ihnen ein Auskunftsrecht dar\u00fcber zu, ob Ihre personenbezogenen Daten an ein Drittland oder an eine internationale Organisation \u00fcbermittelt wurden. Sofern dies der Fall ist, steht Ihnen das Recht zu, Auskunft \u00fcber die geeigneten Garantien im Zusammenhang mit der \u00dcbermittlung zu erhalten.<\/li>\n<li><strong>Recht auf Berichtigung:<\/strong><span>\u00a0<\/span>Gem\u00e4\u00df Art. 16 DSGVO k\u00f6nnen Sie die Berichtigung unrichtiger oder Vervollst\u00e4ndigung unvollst\u00e4ndiger der bei uns gespeicherten und Sie betreffenden personenbezogenen Daten verlangen.<\/li>\n<li><strong>Recht auf L\u00f6schung:<\/strong><span>\u00a0<\/span>Gem\u00e4\u00df Art. 17 DSGVO steht Ihnen das Recht zu, die L\u00f6schung Ihrer bei uns gespeicherten personenbezogenen Daten zu verlangen, soweit wir deren Verarbeitung nicht zu folgenden Zwecken ben\u00f6tigen:\n<ul>\n<li>zur Erf\u00fcllung einer rechtlichen Verpflichtung,<\/li>\n<li>zur Geltendmachung, Aus\u00fcbung oder Verteidigung von Rechtsanspr\u00fcchen,<\/li>\n<li>zur Aus\u00fcbung des Rechts auf freie Meinungs\u00e4u\u00dferung und Information oder<\/li>\n<li>aus Gr\u00fcnden der in Art. 17 Abs. 3 lit c und d DSGVO genannten F\u00e4lle des \u00f6ffentlichen Interesses.<\/li>\n<\/ul>\n<\/li>\n<li><strong>Recht auf Einschr\u00e4nkung:<\/strong><span>\u00a0<\/span>Gem\u00e4\u00df Art. 18 DSGVO haben Sie das Recht, die Einschr\u00e4nkung der Verarbeitung Ihrer personenbezogenen Daten zu verlangen, wenn\n<ul>\n<li>die Richtigkeit der Daten von Ihnen bestritten wird, und zwar f\u00fcr eine Dauer, die es uns erm\u00f6glicht, die Richtigkeit der personenbezogenen Daten zu \u00fcberpr\u00fcfen,<\/li>\n<li>die Verarbeitung Ihrer Daten unrechtm\u00e4\u00dfig ist, Sie aber deren L\u00f6schung ablehnen und stattdessen die Einschr\u00e4nkung der Nutzung der Daten verlangen,<\/li>\n<li>wir die personenbezogenen Daten f\u00fcr die Zwecke der Verarbeitung nicht l\u00e4nger ben\u00f6tigen, Sie die Daten jedoch zur Geltendmachung, Aus\u00fcbung oder Verteidigung von Rechtsanspr\u00fcchen ben\u00f6tigen<\/li>\n<li>Sie gem\u00e4\u00df Art. 21 DSGVO Widerspruch gegen die Verarbeitung Ihrer Daten eingelegt haben, es aber noch nicht feststeht, ob die berechtigten Gr\u00fcnde, die uns trotz Ihres Widerspruches zu einer weiteren Verarbeitung berechtigten, Ihre Rechte \u00fcberwiegen.<\/li>\n<\/ul>\n<\/li>\n<li><strong>Recht auf Unterrichtung:<\/strong><span>\u00a0<\/span>Sofern Sie das Recht auf Berichtigung, L\u00f6schung oder Einschr\u00e4nkung der Verarbeitung gegen\u00fcber uns geltend gemacht haben, sind wir verpflichtet, allen Empf\u00e4ngern, denen gegen\u00fcber die Sie betreffenden personenbezogene Daten offengelegt wurden, die von Ihnen verlangte Berichtigung oder L\u00f6schung der Daten oder deren Einschr\u00e4nkung der Verarbeitung mitzuteilen, es sei denn, dies erweist sich als unm\u00f6glich oder ist mit einem unverh\u00e4ltnism\u00e4\u00dfigen Aufwand verbunden. Ihnen steht das Recht zu, von uns \u00fcber diese Empf\u00e4nger unterrichtet zu werden.<\/li>\n<li><strong>Recht auf Daten\u00fcbertragbarkeit:<\/strong><span>\u00a0<\/span>Gem\u00e4\u00df Art. 20 DSGVO k\u00f6nnen Sie verlangen, dass wir die Sie betreffenden personenbezogenen Daten, die Sie uns bereitgestellt haben, in einem strukturierten, g\u00e4ngigen und maschinenlesebaren Format zu erhalten oder die \u00dcbermittlung an einen anderen Verantwortlichen zu verlangen.<\/li>\n<li><strong>Beschwerderecht<\/strong>: Nach Art. 77 DSGVO haben Sie das Recht, sich bei einer Aufsichtsbeh\u00f6rde zu beschweren. Hierf\u00fcr k\u00f6nnen Sie sich an die Aufsichtsbeh\u00f6rde Ihres \u00fcblichen Aufenthaltsortes, Ihres Arbeitsplatzes oder unseres Firmensitzes wenden.<\/li>\n<\/ul>\n<h2>Widerrufsrecht<\/h2>\n<p>Gem\u00e4\u00df Art. 7 Abs. 3 DSGVO steht Ihnen das Recht zu, Ihre erteilte Einwilligung in die Verarbeitung Ihrer Daten jederzeit uns gegen\u00fcber zu widerrufen. Der von Ihnen erkl\u00e4rte Widerruf \u00e4ndert nichts an der Rechtm\u00e4\u00dfigkeit der bis zum Widerruf erfolgten Verarbeitung Ihrer personenbezogenen Daten.<\/p>\n<h2>Widerspruchsrecht<\/h2>\n<p>Sie haben das Recht, aus Gr\u00fcnden, die sich aus Ihrer besonderen Situation ergeben, jederzeit gegen die Verarbeitung der Sie betreffenden personenbezogenen Daten, die aufgrund einer Interessenabw\u00e4gung (Art. 6 Abs. 1 lit. f DSGVO) erfolgt, Widerspruch einzulegen. Dies ist insbesondere dann der Fall, wenn die Datenverarbeitung nicht zur Erf\u00fcllung eines Vertrages erforderlich ist. Sofern Sie von Ihrem Widerspruchsrecht Gebrauch machen, bitten wir Sie um die Darlegung der Gr\u00fcnde. Wir werden Ihre personenbezogenen Daten dann nicht mehr verarbeiten, es sei denn, wir k\u00f6nnen Ihnen gegen\u00fcber nachweisen, dass zwingende schutzw\u00fcrdige Gr\u00fcnde an der Datenverarbeitung Ihre Interessen und Rechte \u00fcberwiegen.<\/p>\n<p><span><strong>Unabh\u00e4ngig vom vorstehend Gesagten, haben Sie das jederzeitige Recht, der Verarbeitung Ihrer personenbezogenen Daten f\u00fcr Zwecke der Werbung und Datenanalyse zu widersprechen.<\/strong><\/span><\/p>\n<p>Ihren Widerspruch richten Sie bitte an die oben angegebene Kontaktadresse des Verantwortlichen.<\/p>\n<\/div>\n<\/div>\n<div class=\"ce_text block\">\n<div class=\"text\">\n<h2>Unsere Onlinepr\u00e4senzen bei sozialen Netzwerken<\/h2>\n<p>Wir betreiben Onlinepr\u00e4senzen innerhalb der nachfolgend aufgelisteten sozialen Netzwerke. Besuche\u00a0Sie eine dieser Pr\u00e4senzen, werden durch den jeweiligen Anbieter Ihre Nutzungsdaten erhoben und verarbeitet. Dies erfolgt im Regelfall durch Cookies, die auf dem von Ihnen genutzten Endger\u00e4t gespeichert werden. Zum Begriff des Cookies siehe oben unter der entsprechenden \u00dcberschrift. Mit den Cookies werden Ihr Nutzungsverhalten und Ihre Interessen gespeichert und entsprechende Nutzungsprofile angelegt. In den Nutzungsprofilen k\u00f6nnen zudem Daten unabh\u00e4ngig des von Ihnen verwendeten Ger\u00e4tes gespeichert werden. Dies ist insbesondere dann der Fall, wenn Sie Mitglied der jeweiligen Plattform und bei dieser eingeloggt sind.<\/p>\n<p>&nbsp;<\/p>\n<p>Wir haben auf unserer Webseite Plugins in Form von. \u201eSocial-Media-Buttons\u201c der von uns genutzten Anbieter eingebettet. Welches Plugin zu welchem Anbieter geh\u00f6rt, k\u00f6nnen Sie an dem jeweiligen Logo erkennen, mit welchem das Plugin gekennzeichnet ist. Wir haben die Social Media Plugins auf unserem Internetauftritt standardm\u00e4\u00dfig deaktiviert, sodass beim Aufruf unserer Seiten nicht automatisch Daten an den Anbieter des Plugins \u00fcbertragen werden. Hierzu verwenden wir die sogenannte 2-Klick-L\u00f6sung. Wenn Sie ein Plugin nutzen m\u00f6chten, haben Sie die M\u00f6glichkeit dieses durch einen Klick auf die entsprechende Schaltfl\u00e4che zu aktivieren. Erst hierdurch wird das Plugin nachgeladen und die Erfassung von Informationen und deren \u00dcbertragung an den Anbieter ausgel\u00f6st. In diesem Fall k\u00f6nnen auch dann, wenn Sie bei dem jeweiligen sozialen Netzwerk kein Konto besitzen oder dann, wenn Sie dort ein Konto besitzen aber dort nicht eingeloggt sind, Daten durch das aktive Social Media Plugin an den dazugeh\u00f6rigen Anbieter gesendet werden.<\/p>\n<p>&nbsp;<\/p>\n<p>Die erhobenen Daten werden von dem Anbieter in der Regel zum Zwecke der Werbung und Marktforschung verwendet, indem aus Ihrem Nutzungsverhalten Nutzungsprofile erstellt werden. Diese wiederum k\u00f6nnen von den Anbietern dazu verwendet werden, um Ihnen interessenbezogene Werbung auszuspielen. Gegen die Erstellung von Nutzerprofilen steht Ihnen ein Widerrufsrecht zu. Um dieses auszu\u00fcben, m\u00fcssen Sie sich an den jeweiligen Anbieter wenden. Wenn Sie einen Account beim Anbieter besitzen, k\u00f6nnen Ihre Nutzungsdaten damit verkn\u00fcpft werden. Um eine solche Verkn\u00fcpfung Ihrer Daten zu verhindern, k\u00f6nnen Sie sich vor dem Besuch unserer Seite bei dem Dienst des Anbieters ausloggen.<\/p>\n<p>Zu welchem Zweck und in welchem Umfang Daten von dem Anbieter erhoben werden, k\u00f6nnen Sie den jeweiligen, im Folgenden mitgeteilten, Datenschutzerkl\u00e4rungen der Anbieter entnehmen. Wir selbst haben keinen Einfluss darauf, welche Daten\u00a0 erfasst und wie diese Daten durch den Anbieter verwendet werden.\u00a0Sofern Sie hier im Einzelnen Auskunft verlangen oder von Ihren Betroffenenrechten Gebrauch machen wollen, k\u00f6nnen Sie dies am wirksamsten bei dem jeweiligen Anbietern selbst tun, da ausschlie\u00dflich die jeweiligen Anbieter Zugriff auf Ihre Daten haben.<\/p>\n<p>Wir m\u00f6chten Sie darauf hinweisen, dass Ihre Nutzerdaten au\u00dferhalb des Raumes der Europ\u00e4ischen Union \u00fcbertragen und verarbeitet werden k\u00f6nnen. Es besteht in diesem Fall das Risiko, dass die Durchsetzung Ihrer Betroffenenrechte erschwert werden kann. Diejenigen US-Anbieter, die unter dem Privacy-Shield zertifiziert sind, haben sich verpflichtet, die Datenschutzstandards der EU einzuhalten. Die Information, ob der jeweilige Anbieter \u00fcber ein solches Zertifikat verf\u00fcgt, finden Sie bei den Informationen zu den nachfolgend aufgelisteten Anbietern.<\/p>\n<p><strong>Rechtsgrundlage:<\/strong><span>\u00a0<\/span>Sofern Sie von einem der nachgenannten\u00a0Anbieter um eine Einwilligung in die Datenverarbeitung gebeten worden sind, ist die Rechtsgrundlage der Verarbeitung Art. 6 Abs. 1 lit. a DSGVO.\u00a0Im \u00dcbrigen erfolgt die\u00a0Verarbeitung Ihrer Daten auf Grundlage unserer berechtigten Interessen mit Ihnen in Kontakt zu treten und Ihnen zu kommunizieren, Art. 6 Abs. 1 lit. f. DSGVO.\u00a0<strong>Verhinderung:<\/strong>\u00a0Zu den jeweiligen Widerspruchsm\u00f6glichkeiten (Opt-Out) verweisen wir auf die nachfolgend verlinkten Angaben der Anbieter.<\/p>\n<h3>Wir unterhalten Onlinepr\u00e4senzen auf folgenden sozialen Netzwerken:<\/h3>\n<\/div>\n<\/div>\n<div class=\"ce_text privacy_item sp_instagram block\">\n<div class=\"text\">\n<h4>Instagram<\/h4>\n<p>Instagram ist ein Dienst der Instagram LLC, 1601 Willow Rd, Menlo Park CA 94025 &#8211; USA<\/p>\n<ul>\n<li>Datenschutzerkl\u00e4rung abrufbar unter:<span>\u00a0<\/span><a href=\"https:\/\/help.instagram.com\/155833707900388\" target=\"_blank\" class=\"externalLink\" rel=\"noopener noreferrer\">https:\/\/help.instagram.com\/155833707900388<\/a><\/li>\n<li>Opt-Out:\u00a0<a href=\"http:\/\/instagram.com\/about\/legal\/privacy\/\" target=\"_blank\" class=\"externalLink\" rel=\"noopener noreferrer\">http:\/\/instagram.com\/about\/legal\/privacy<\/a><\/li>\n<\/ul>\n<\/div>\n<\/div>\n<div class=\"ce_text privacy_item sp_facebook block\">\n<div class=\"text\">\n<h4>Facebook<\/h4>\n<p>Facebook ist ein Dienst der Facebook Inc., 1601 S. California Ave, Palo Alto, CA 94304 \u2013 USA.<\/p>\n<p>Sitz in der EU: Facebook Ireland Ltd., 4 Grand Canal Square, Grand Canal Harbour, Dublin 2 \u2013 Irland<\/p>\n<ul>\n<li>Datenschutzerkl\u00e4rung abrufbar unter:\u00a0<a href=\"https:\/\/www.facebook.com\/about\/privacy\/\" target=\"_blank\" class=\"externalLink\" rel=\"noopener noreferrer\">https:\/\/www.facebook.com\/about\/privacy\/<\/a><\/li>\n<li>Opt-Out:\u00a0<a href=\"https:\/\/www.facebook.com\/settings?tab=ads\" target=\"_blank\" class=\"externalLink\" rel=\"noopener noreferrer\">https:\/\/www.facebook.com\/settings?tab=ads<\/a>\u00a0und\u00a0<a href=\"http:\/\/www.youronlinechoices.com\/\" target=\"_blank\" class=\"externalLink\" rel=\"noopener noreferrer\">http:\/\/www.youronlinechoices.com<\/a><\/li>\n<li>Privacy Shield:\u00a0<a href=\"https:\/\/www.privacyshield.gov\/participant?id=a2zt0000000GnywAAC&amp;status=Active\" target=\"_blank\" class=\"externalLink\" rel=\"noopener noreferrer\">https:\/\/www.privacyshield.gov\/participant?id=a2zt0000000GnywAAC&amp;status=Active<\/a><\/li>\n<\/ul>\n<\/div>\n<\/div>\n<div class=\"ce_text privacy_item jetpack block\">\n<div class=\"text\">\n<h2>Jetpack<\/h2>\n<p>Wir nutzen auf unserer Webseite Jetpack f\u00fcr WordPress, einem Analysetool der Automattic Inc. Automattic Inc., 60 29th Street #343, San Francisco, CA 94110, USA.\u00a0Automattic Inc.<\/p>\n<p>\u00dcber Jetpack k\u00f6nnen wir analysieren, wie viele Besucher unsere Webseite besuchen. Zudem k\u00f6nnen wir Ihnen mit Jetpack verwandte Beitr\u00e4ge anzeigen oder Inhalte der Seite zu teilen.\u00a0Au\u00dferdem beschleunigt Jetpack das Laden angezeigter Bilder auf unserer Webseite und bietet Ma\u00dfnahmen zum Schutz unserer Webseite vor Brute-Force-Attacken. Hierf\u00fcr verwendet Jetpack sog. Cookies. Zum Begriff, der Funktionsweise und der Verhinderung von Cookies siehe oben unter der entsprechenden \u00dcberschrift. \u00dcber das Cookie erh\u00e4lt Automattic Kenntnis \u00fcber den Verlauf Ihres Besuches auf der Webseite, die zur statistischen Auswertung genutzt werden. \u00dcber diese Statistiken ist es uns m\u00f6glich, unser Angebot stetig zu verbessern, eine Kosten-Nutzen-Analyse unseres Internetmarketings vorzunehmen und unsere Internetpr\u00e4senz f\u00fcr Sie als Nutzer interessanter und nutzerfreundlicher auszugestalten. Zudem wird die Ihnen zugeteilte IP-Adresse an die Server von Automattic USA \u00fcbertragen und dort gespeichert. Die \u00fcber Jetpack erhobenen Daten werden nicht ohne Ihre vorherige ausdr\u00fcckliche Einwilligung dazu genutzt, Sie zu identifizieren. Automattic bedient sich der Trackingtechnologie der<span>\u00a0<\/span><strong>Quantcast Inc.,<span>\u00a0<\/span><\/strong>201 Third Street, San Francisco, CA 94103, USA und leitet die \u00fcber unsere Webseite erhobenen Daten an diese weiter. Quantcast nutzt die Daten zu den gleichen Zwecken wie Automattic.\u00a0<strong>Zweck:<\/strong><span>\u00a0<\/span>Unser vorbeschriebenes Interesse an der Auswertung der Nutzerdaten stellt den Zweck der Nutzung von Automattic dar.<span>\u00a0<\/span><strong>Rechtsgrundlage:\u00a0<\/strong>Wir holen \u00fcber ein sogenanntes Opt-In Ihre Einwilligung in die Nutzung dieses Dienstes ein. Das bedeutet, dass sich das Cookie, der Z\u00e4hlpixel oder \u00e4hnliche Verfahren, mit denen Ihre personenbezogenen Daten \u00fcber diesen Dienst verarbeitet werden, erst dann aktivieren, wenn Sie hierin eingewilligt haben. Die Rechtsgrundlage ist Art. 6 Abs. 1 lit. a DSGVO. Sofern Sie sich in Deutschland befinden und das 16. Lebensjahr noch nicht vollendet haben (in \u00d6sterreich und der Schweiz das 14. Lebensjahr), sind Sie nach der Wertung des jeweiligen nationalen Gesetzgebers noch nicht in der Lage eine wirksame\u00a0datenschutzrechtliche Einwilligung abzugeben. Wir werten Ihr Opt-In als Ihre vern\u00fcnftige\u00a0Erwartung in Bezug auf den Einsatz der Cookie-Nutzung. Als Rechtsgrundlage berufen wir uns in diesem Fall\u00a0auf Art. 6 Abs. 1 lit. f DSGVO. Unsere berechtigten Interessen liegen in diesem Fall in der nutzerfreundlichen Ausgestaltung unseres Onlineangebotes sowie unserem\u00a0betriebswirtschaftlichen Interesse\u00a0an der Erhebung, Speicherung und Auswertung des Datenmaterials.<strong>\u00a0<\/strong><strong>Verhinderung:<\/strong><span>\u00a0<\/span>Sie k\u00f6nnen die Speicherung der Cookies verhindern, indem Sie ein sog. Opt-Out Cookie setzen, welches zuk\u00fcnftig verhindert, dass Daten von Ihnen auf unserer Webseite erfasst werden. Klicken Sie hierzu bitte auf folgenden Link \u00a0<a href=\"https:\/\/www.quantcast.com\/opt-out\/\" class=\"externalLink\">https:\/\/www.quantcast.com\/opt-out\/<\/a><span>\u00a0<\/span>und bet\u00e4tigen Sie die entsprechende Einstellung. Sie sind anschlie\u00dfend jedoch m\u00f6glicherweise nicht mehr in der Lage, alle Funktionen unserer Webseite in vollem Umfang zu nutzen. Um sicherzustellen, dass keine Daten\u00fcbertragung mehr erfolgt, muss der Opt-out Cookie auf jedem der von Ihnen verwendeten Systeme installiert werden. Zudem k\u00f6nnen Sie die Speicherung von Cookies in den Einstellungen Ihres Browsers verhindern.<\/p>\n<p><strong>Informationen zum Drittanbieter:<\/strong><\/p>\n<ul>\n<li>Datenschutzerkl\u00e4rung:<span>\u00a0<\/span><a href=\"https:\/\/automattic.com\/privacy\/\" class=\"externalLink\">https:\/\/automattic.com\/privacy\/<\/a><\/li>\n<li>Automattic ist Teilnehmer des<span>\u00a0<\/span><strong>Privacy-Shield Abkommens<\/strong><span>\u00a0<\/span>und zur Datenverarbeitung nach europ\u00e4ischen Standards zertifiziert. Dadurch verpflichtet sich Automattic, die Standards und Vorschriften des europ\u00e4ischen Datenschutzrechts einzuhalten. N\u00e4here Informationen k\u00f6nnen Sie dem nachfolgend verlinkten Eintrag entnehmen:<span>\u00a0<\/span><a href=\"https:\/\/www.privacyshield.gov\/participant?id=a2zt000000001L5AAI&amp;status=Active\" class=\"externalLink\">https:\/\/www.privacyshield.gov\/participant?id=a2zt000000001L5AAI&amp;status=Active<\/a>.<\/li>\n<\/ul>\n<\/div>\n<\/div>\n<div class=\"ce_text block\">\n<div class=\"text\">\n<h2>Akismet<\/h2>\n<p>Wir nutzen auf unserer Webseite \u201eAkismet\u201c, einen Dienst der Automattic Inc., 60 29th Street #343, San Francisco, CA 94110, USA.<\/p>\n<p>Akismet dient dazu die von Nutzern abgegebenen Kommentare zu filtern und Kommentare, die als \u201eSpam\u201c einzustufen sind, zu identifizieren und entsprechend zu behandeln. Hierzu werden die von Ihnen abgegebenen Kommentare an die externen Server von Automattic Inc. in den USA \u00fcbertragen und analysiert. Zudem werden folgende Daten \u00fcbertragen und ebenfalls verarbeitet: Ihre E-Mailadresse, Ihre IP-Adresse, der Inhalt des Kommentars, Angaben zu Ihrem Browser, Ihrem Betriebssystem, Zeitpunkt der Abgabe des Kommentars sowie Informationen dar\u00fcber welche Internetseite Sie zuvor besucht haben (Referrer). Automattic ist Teilnehmer des Privacy-Shield Abkommens und zur Datenverarbeitung nach europ\u00e4ischen Standards zertifiziert. Es erfolgt keine Datenverarbeitung durch uns.<span>\u00a0<\/span><strong>Zweck:<\/strong><span>\u00a0<\/span>Die Nutzung des Dienstes erfolgt, um als Spam eingestufte Kommentare zu behandeln und eine Ver\u00f6ffentlichung dieser zu verhindern.<span>\u00a0<\/span><strong>Rechtsgrundlage<\/strong>: Wir setzen Akismet auf Grund unseres berechtigten Interesses an der sicheren und effizieten Bereitstellung sowie der Optimierung unseres Onlineangebotes ein, Art. 6 Abs. 1 lit. f DSGVO.<span>\u00a0<\/span><strong>L\u00f6schung:<\/strong><span>\u00a0<\/span>Kommentare und die damit verbundenen Daten werden nach vier Tagen automatisch durch Automattic Inc. von deren Server gel\u00f6scht. Sofern ein Kommentar als Spam eingestuft wurde, erfolgt eine Speicherung \u00fcber diesen Zeitraum hinaus.<span>\u00a0<\/span><strong>Verhinderung:<\/strong><span>\u00a0<\/span>Sie k\u00f6nnen die \u00dcbertragung einzelner Daten verhindern, indem Sie diese bei Abgabe eines Kommentars nicht angeben. Zudem steht es Ihnen frei die Kommentarfunktion nicht zu nutzen, um eine vollst\u00e4ndige Daten\u00fcbertragung zu verhindern.<\/p>\n<p>Informationen zum Drittanbieter:<\/p>\n<ul>\n<li>Datenschutzerkl\u00e4rung:<span>\u00a0<\/span><a href=\"https:\/\/automattic.com\/privacy\/\" class=\"externalLink\">https:\/\/automattic.com\/privacy\/<\/a><\/li>\n<\/ul>\n<\/div>\n<\/div>\n<div class=\"ce_text privacy_item paypal block\">\n<div class=\"text\">\n<h2>PayPal<\/h2>\n<p>Wir bieten auf unserer Webseite die Abwicklung der Zahlung \u00fcber den Zahlungsdienstleister PayPal (PayPal (Europe) S.\u00e0.r.l. &amp;amp; Cie. S.C.A., 22-24 Boulevard Royal, 2449 Luxembourg, Luxemburg) an.<\/p>\n<p>Wenn Sie sich zur Zahlung \u00fcber PayPal entschieden haben, werden im Rahmen der Bestellung an PayPal folgende Ihrer Daten \u00fcbermittelt: Vor- und Nachname, Adresse, Geburtsdatum, Email-Adresse, Telefonnummer, IP-Adresse sowie die f\u00fcr die Abwicklung der jeweiligen Bestellung notwendigen Daten.\u00a0Die \u00dcbermittelung dieser Daten erfolgt, damit PayPal zur Abwicklung Ihres Einkaufs eine Identit\u00e4tspr\u00fcfung durchf\u00fchren kann. Dadurch besteht unter anderem die M\u00f6glichkeit betr\u00fcgerische Aktivit\u00e4ten zu erkennen und dem Missbrauch von Daten vorzubeugen. Dar\u00fcber hinaus erfolgt die \u00dcbermittlung der Daten damit PayPal ggf. Ihre Kreditw\u00fcrdigkeit absch\u00e4tzen kann bzw. PayPal die Daten an Wirtschaftsauskunfteien zur Absch\u00e4tzung Ihrer Kreditw\u00fcrdigkeit in Form einer Bonit\u00e4tspr\u00fcfung weitergeben kann. Das Ergebnis der Bonit\u00e4tspr\u00fcfung in Bezug auf die statistische Zahlungsausfallwahrscheinlichkeit verwendet PayPal zum Zwecke der Entscheidung \u00fcber die Bereitstellung der jeweiligen Zahlungsmethode. Die erhobenen Daten k\u00f6nnen von PayPal ebenfalls zu Analysezwecken, insbesondere zur Kundenanalyse, Risikoanalyse, Datenanalyse zu Zwecken der Entwicklung und Verbesserung der von PayPal angebotenen Dienstleistungen verwendet werden.<span>\u00a0<\/span><strong>Rechtsgrundlage:<\/strong><span>\u00a0<\/span>Die Rechtsgrundlage f\u00fcr die vorbeschriebene Nutzung der Daten ist Art. 6 Abs. 1 lit b DSGVO.<span>\u00a0<\/span><strong>L\u00f6schung:<\/strong><span>\u00a0<\/span>Die von uns auf diese Weise erhobenen und \u00fcbertragenen Daten werden nach 26 Monaten automatisch gel\u00f6scht.\u00a0<strong>Widerruf:<\/strong><span>\u00a0<\/span>Sie k\u00f6nnen Ihre Einwilligung zur Verwendung der personenbezogenen Daten jederzeit gegen\u00fcber PayPal widerrufen. Trotz Widerruf bleibt PayPal gegebenenfalls weiterhin dazu berechtigt, die personenbezogenen Daten zu verarbeiten, zu nutzen und zu \u00fcbermitteln, die zur vertragsm\u00e4\u00dfigen Zahlungsabwicklung zwingend notwendig sind.<\/p>\n<p><strong>Informationen zum Drittanbieter:<\/strong><\/p>\n<ul>\n<li>Nutzungsbedingungen und Datenschutzbestimmungen:\u00a0<strong><a title=\"PayPal Privacy\" href=\"https:\/\/www.paypal.com\/de\/webapps\/mpp\/ua\/privacy-full\" target=\"_blank\" class=\"externalLink\" rel=\"noopener noreferrer\">https:\/\/www.paypal.com\/de\/webapps\/mpp\/ua\/privacy-full#<\/a><\/strong><\/li>\n<\/ul>\n<\/div>\n<\/div>\n<div class=\"ce_text privacy_item general_part4 block\">\n<div class=\"text\">\n<h2>Sicherheitsma\u00dfnahmen<\/h2>\n<p>Wir treffen im \u00dcbrigen technische und organisatorische Sicherheitsma\u00dfnahmen nach dem Stand der Technik, um die Vorschriften der Datenschutzgesetze einzuhalten und Ihre Daten gegen zuf\u00e4llige oder vors\u00e4tzliche Manipulationen, teilweisen oder vollst\u00e4ndigen Verlust, Zerst\u00f6rung oder gegen den unbefugten Zugriff Dritter zu sch\u00fctzen.<\/p>\n<h2>Aktualit\u00e4t und \u00c4nderung dieser Datenschutzerkl\u00e4rung<\/h2>\n<p>Diese Datenschutzerkl\u00e4rung ist aktuell g\u00fcltig und hat den Stand Juli 2020. Aufgrund ge\u00e4nderter gesetzlicher bzw. beh\u00f6rdlicher Vorgaben kann es notwendig werden, diese Datenschutzerkl\u00e4rung anzupassen.<\/p>\n<p>Diese Datenschutzerkl\u00e4rung wurde mit Hilfe von SOS Recht erstellt. Den Datenschutz-Erkl\u00e4rungsgenerator finden Sie hier. SOS Recht ist ein Angebot der Mueller.legal Rechtsanw\u00e4lte Partnerschaft\u00a0mit Sitz in Berlin.<\/p>\n<\/div>\n<\/div>\n<p>[\/et_pb_text][\/et_pb_column][\/et_pb_row][\/et_pb_section]<\/p>\n","protected":false},"excerpt":{"rendered":"<p>Datenschutzerkl\u00e4rung Mit dieser Datenschutzerkl\u00e4rung m\u00f6chten wir Sie \u00fcber Art, Umfang und Zweck der Verarbeitung von personenbezogenen Daten auf unserer Webseite aufkl\u00e4ren. Personenbezogene Daten sind alle Daten, die einen pers\u00f6nlichen Bezug zu Ihnen aufweisen, z. B. Name, Adresse, E-Mail-Adresse oder Nutzerverhalten. Wer bei uns f\u00fcr die Datenverarbeitung verantwortlich ist Verantwortlich f\u00fcr die Datenverarbeitung ist: ComodoKurosh BaianatiHolzhofstra\u00dfe [&hellip;]<\/p>\n","protected":false},"author":1,"featured_media":0,"parent":0,"menu_order":0,"comment_status":"closed","ping_status":"closed","template":"","meta":{"_et_pb_use_builder":"on","_et_pb_old_content":"<!-- wp:divi\/placeholder \/-->","_et_gb_content_width":"","footnotes":""},"class_list":["post-30323","page","type-page","status-publish","hentry"],"_links":{"self":[{"href":"https:\/\/comodo-mainz.de\/index.php?rest_route=\/wp\/v2\/pages\/30323","targetHints":{"allow":["GET"]}}],"collection":[{"href":"https:\/\/comodo-mainz.de\/index.php?rest_route=\/wp\/v2\/pages"}],"about":[{"href":"https:\/\/comodo-mainz.de\/index.php?rest_route=\/wp\/v2\/types\/page"}],"author":[{"embeddable":true,"href":"https:\/\/comodo-mainz.de\/index.php?rest_route=\/wp\/v2\/users\/1"}],"replies":[{"embeddable":true,"href":"https:\/\/comodo-mainz.de\/index.php?rest_route=%2Fwp%2Fv2%2Fcomments&post=30323"}],"version-history":[{"count":4,"href":"https:\/\/comodo-mainz.de\/index.php?rest_route=\/wp\/v2\/pages\/30323\/revisions"}],"predecessor-version":[{"id":30536,"href":"https:\/\/comodo-mainz.de\/index.php?rest_route=\/wp\/v2\/pages\/30323\/revisions\/30536"}],"wp:attachment":[{"href":"https:\/\/comodo-mainz.de\/index.php?rest_route=%2Fwp%2Fv2%2Fmedia&parent=30323"}],"curies":[{"name":"wp","href":"https:\/\/api.w.org\/{rel}","templated":true}]}}